{"id":12132,"date":"2022-04-26T14:31:02","date_gmt":"2022-04-26T12:31:02","guid":{"rendered":"https:\/\/www.kp.sik.si\/?page_id=12132"},"modified":"2022-04-26T14:52:46","modified_gmt":"2022-04-26T12:52:46","slug":"photo-gallery","status":"publish","type":"page","link":"https:\/\/www.kp.sik.si\/en\/alojz-kocjancic-memorial-room\/photo-gallery\/","title":{"rendered":"Photo Gallery"},"content":{"rendered":"\t\t<div data-elementor-type=\"wp-page\" data-elementor-id=\"12132\" class=\"elementor elementor-12132 elementor-11879\" data-elementor-post-type=\"page\">\n\t\t\t\t\t\t<section class=\"elementor-section elementor-top-section elementor-element elementor-element-76ac4b8 elementor-section-boxed elementor-section-height-default elementor-section-height-default\" data-id=\"76ac4b8\" data-element_type=\"section\" data-e-type=\"section\">\n\t\t\t\t\t\t<div class=\"elementor-container elementor-column-gap-default\">\n\t\t\t\t\t<div class=\"elementor-column elementor-col-100 elementor-top-column elementor-element elementor-element-47b3556\" data-id=\"47b3556\" data-element_type=\"column\" data-e-type=\"column\">\n\t\t\t<div class=\"elementor-widget-wrap elementor-element-populated\">\n\t\t\t\t\t\t<div class=\"elementor-element elementor-element-0cd8027 elementor-widget elementor-widget-gallery\" data-id=\"0cd8027\" data-element_type=\"widget\" data-e-type=\"widget\" data-settings=\"{&quot;gallery_layout&quot;:&quot;justified&quot;,&quot;ideal_row_height&quot;:{&quot;unit&quot;:&quot;px&quot;,&quot;size&quot;:258,&quot;sizes&quot;:[]},&quot;gap&quot;:{&quot;unit&quot;:&quot;px&quot;,&quot;size&quot;:21,&quot;sizes&quot;:[]},&quot;overlay_description&quot;:&quot;caption&quot;,&quot;lazyload&quot;:&quot;yes&quot;,&quot;ideal_row_height_tablet&quot;:{&quot;unit&quot;:&quot;px&quot;,&quot;size&quot;:150,&quot;sizes&quot;:[]},&quot;ideal_row_height_mobile&quot;:{&quot;unit&quot;:&quot;px&quot;,&quot;size&quot;:150,&quot;sizes&quot;:[]},&quot;gap_tablet&quot;:{&quot;unit&quot;:&quot;px&quot;,&quot;size&quot;:10,&quot;sizes&quot;:[]},&quot;gap_mobile&quot;:{&quot;unit&quot;:&quot;px&quot;,&quot;size&quot;:10,&quot;sizes&quot;:[]},&quot;link_to&quot;:&quot;file&quot;,&quot;overlay_background&quot;:&quot;yes&quot;,&quot;content_hover_animation&quot;:&quot;fade-in&quot;}\" data-widget_type=\"gallery.default\">\n\t\t\t\t<div class=\"elementor-widget-container\">\n\t\t\t\t\t\t\t<div class=\"elementor-gallery__container\">\n\t\t\t\t\t\t\t<a class=\"e-gallery-item elementor-gallery-item elementor-animated-content\" href=\"https:\/\/www.kp.sik.si\/wp-content\/uploads\/2022\/04\/Kubed-1.jpg\" data-elementor-open-lightbox=\"yes\" data-elementor-lightbox-slideshow=\"0cd8027\" data-elementor-lightbox-title=\"Kubed\" data-e-action-hash=\"#elementor-action%3Aaction%3Dlightbox%26settings%3DeyJpZCI6MTE5MjYsInVybCI6Imh0dHBzOlwvXC93d3cua3Auc2lrLnNpXC93cC1jb250ZW50XC91cGxvYWRzXC8yMDIyXC8wNFwvS3ViZWQtMS5qcGciLCJzbGlkZXNob3ciOiIwY2Q4MDI3In0%3D\">\n\t\t\t\t\t<div class=\"e-gallery-image elementor-gallery-item__image\" data-thumbnail=\"https:\/\/www.kp.sik.si\/wp-content\/uploads\/2022\/04\/Kubed-1-300x219.jpg\" data-width=\"300\" data-height=\"219\" aria-label=\"\" role=\"img\" ><\/div>\n\t\t\t\t\t\t\t\t\t\t\t<div class=\"elementor-gallery-item__overlay\"><\/div>\n\t\t\t\t\t\t\t\t\t\t\t\t\t\t\t<div class=\"elementor-gallery-item__content\">\n\t\t\t\t\t\t\t\t\t\t\t\t\t\t<div class=\"elementor-gallery-item__description\">\n\t\t\t\t\t\t\t\t\t\t\t\t\t\t\t\t\t\tKubed from the beginning of the twentieth century.\t\t\t\t\t\t\t\t<\/div>\n\t\t\t\t\t\t\t\t\t\t\t\t<\/div>\n\t\t\t\t\t\t\t\t\t<\/a>\n\t\t\t\t\t\t\t<a class=\"e-gallery-item elementor-gallery-item elementor-animated-content\" href=\"https:\/\/www.kp.sik.si\/wp-content\/uploads\/2022\/04\/Dvanajstetni-Alojz-Kocjancic.jpg\" data-elementor-open-lightbox=\"yes\" data-elementor-lightbox-slideshow=\"0cd8027\" data-elementor-lightbox-title=\"Dvanajstetni Alojz Kocjan\u010di\u010d\" data-e-action-hash=\"#elementor-action%3Aaction%3Dlightbox%26settings%3DeyJpZCI6MTE5MjMsInVybCI6Imh0dHBzOlwvXC93d3cua3Auc2lrLnNpXC93cC1jb250ZW50XC91cGxvYWRzXC8yMDIyXC8wNFwvRHZhbmFqc3RldG5pLUFsb2p6LUtvY2phbmNpYy5qcGciLCJzbGlkZXNob3ciOiIwY2Q4MDI3In0%3D\">\n\t\t\t\t\t<div class=\"e-gallery-image elementor-gallery-item__image\" data-thumbnail=\"https:\/\/www.kp.sik.si\/wp-content\/uploads\/2022\/04\/Dvanajstetni-Alojz-Kocjancic-202x300.jpg\" data-width=\"202\" data-height=\"300\" aria-label=\"\" role=\"img\" ><\/div>\n\t\t\t\t\t\t\t\t\t\t\t<div class=\"elementor-gallery-item__overlay\"><\/div>\n\t\t\t\t\t\t\t\t\t\t\t\t\t\t\t<div class=\"elementor-gallery-item__content\">\n\t\t\t\t\t\t\t\t\t\t\t\t\t\t<div class=\"elementor-gallery-item__description\">\n\t\t\t\t\t\t\t\t\t\t\t\t\t\t\t\t\t\tTwelve-year-old Alojz Kocjan\u010di\u010d.\t\t\t\t\t\t\t\t<\/div>\n\t\t\t\t\t\t\t\t\t\t\t\t<\/div>\n\t\t\t\t\t\t\t\t\t<\/a>\n\t\t\t\t\t\t\t<a class=\"e-gallery-item elementor-gallery-item elementor-animated-content\" href=\"https:\/\/www.kp.sik.si\/wp-content\/uploads\/2022\/04\/gorisko-semenisce.jpg\" data-elementor-open-lightbox=\"yes\" data-elementor-lightbox-slideshow=\"0cd8027\" data-elementor-lightbox-title=\"gorisko semenisce\" data-e-action-hash=\"#elementor-action%3Aaction%3Dlightbox%26settings%3DeyJpZCI6MTE5MjAsInVybCI6Imh0dHBzOlwvXC93d3cua3Auc2lrLnNpXC93cC1jb250ZW50XC91cGxvYWRzXC8yMDIyXC8wNFwvZ29yaXNrby1zZW1lbmlzY2UuanBnIiwic2xpZGVzaG93IjoiMGNkODAyNyJ9\">\n\t\t\t\t\t<div class=\"e-gallery-image elementor-gallery-item__image\" data-thumbnail=\"https:\/\/www.kp.sik.si\/wp-content\/uploads\/2022\/04\/gorisko-semenisce-300x199.jpg\" data-width=\"300\" data-height=\"199\" aria-label=\"\" role=\"img\" ><\/div>\n\t\t\t\t\t\t\t\t\t\t\t<div class=\"elementor-gallery-item__overlay\"><\/div>\n\t\t\t\t\t\t\t\t\t\t\t\t\t\t\t<div class=\"elementor-gallery-item__content\">\n\t\t\t\t\t\t\t\t\t\t\t\t\t\t<div class=\"elementor-gallery-item__description\">\n\t\t\t\t\t\t\t\t\t\t\t\t\t\t\t\t\t\tClassroom of the Seminary in Gorica, Alojz Kocjan\u010di\u010d is sitting in the front row fourth from the left.\t\t\t\t\t\t\t\t<\/div>\n\t\t\t\t\t\t\t\t\t\t\t\t<\/div>\n\t\t\t\t\t\t\t\t\t<\/a>\n\t\t\t\t\t\t\t<a class=\"e-gallery-item elementor-gallery-item elementor-animated-content\" href=\"https:\/\/www.kp.sik.si\/wp-content\/uploads\/2022\/04\/novomasnik-1.jpg\" data-elementor-open-lightbox=\"yes\" data-elementor-lightbox-slideshow=\"0cd8027\" data-elementor-lightbox-title=\"novomasnik\" data-e-action-hash=\"#elementor-action%3Aaction%3Dlightbox%26settings%3DeyJpZCI6MTE5MTcsInVybCI6Imh0dHBzOlwvXC93d3cua3Auc2lrLnNpXC93cC1jb250ZW50XC91cGxvYWRzXC8yMDIyXC8wNFwvbm92b21hc25pay0xLmpwZyIsInNsaWRlc2hvdyI6IjBjZDgwMjcifQ%3D%3D\">\n\t\t\t\t\t<div class=\"e-gallery-image elementor-gallery-item__image\" data-thumbnail=\"https:\/\/www.kp.sik.si\/wp-content\/uploads\/2022\/04\/novomasnik-1-202x300.jpg\" data-width=\"202\" data-height=\"300\" aria-label=\"\" role=\"img\" ><\/div>\n\t\t\t\t\t\t\t\t\t\t\t<div class=\"elementor-gallery-item__overlay\"><\/div>\n\t\t\t\t\t\t\t\t\t\t\t\t\t\t\t<div class=\"elementor-gallery-item__content\">\n\t\t\t\t\t\t\t\t\t\t\t\t\t\t<div class=\"elementor-gallery-item__description\">\n\t\t\t\t\t\t\t\t\t\t\t\t\t\t\t\t\t\tNew priest.\t\t\t\t\t\t\t\t<\/div>\n\t\t\t\t\t\t\t\t\t\t\t\t<\/div>\n\t\t\t\t\t\t\t\t\t<\/a>\n\t\t\t\t\t\t\t<a class=\"e-gallery-item elementor-gallery-item elementor-animated-content\" href=\"https:\/\/www.kp.sik.si\/wp-content\/uploads\/2022\/04\/mnozica.jpg\" data-elementor-open-lightbox=\"yes\" data-elementor-lightbox-slideshow=\"0cd8027\" data-elementor-lightbox-title=\"mnozica\" data-e-action-hash=\"#elementor-action%3Aaction%3Dlightbox%26settings%3DeyJpZCI6MTE5MTQsInVybCI6Imh0dHBzOlwvXC93d3cua3Auc2lrLnNpXC93cC1jb250ZW50XC91cGxvYWRzXC8yMDIyXC8wNFwvbW5vemljYS5qcGciLCJzbGlkZXNob3ciOiIwY2Q4MDI3In0%3D\">\n\t\t\t\t\t<div class=\"e-gallery-image elementor-gallery-item__image\" data-thumbnail=\"https:\/\/www.kp.sik.si\/wp-content\/uploads\/2022\/04\/mnozica-300x192.jpg\" data-width=\"300\" data-height=\"192\" aria-label=\"\" role=\"img\" ><\/div>\n\t\t\t\t\t\t\t\t\t\t\t<div class=\"elementor-gallery-item__overlay\"><\/div>\n\t\t\t\t\t\t\t\t\t\t\t\t\t\t\t<div class=\"elementor-gallery-item__content\">\n\t\t\t\t\t\t\t\t\t\t\t\t\t\t<div class=\"elementor-gallery-item__description\">\n\t\t\t\t\t\t\t\t\t\t\t\t\t\t\t\t\t\tCrowd in front of the church of Kubed for the first mass of Kocjan\u010di\u010d.\t\t\t\t\t\t\t\t<\/div>\n\t\t\t\t\t\t\t\t\t\t\t\t<\/div>\n\t\t\t\t\t\t\t\t\t<\/a>\n\t\t\t\t\t\t\t<a class=\"e-gallery-item elementor-gallery-item elementor-animated-content\" href=\"https:\/\/www.kp.sik.si\/wp-content\/uploads\/2022\/04\/cebelar.jpg\" data-elementor-open-lightbox=\"yes\" data-elementor-lightbox-slideshow=\"0cd8027\" data-elementor-lightbox-title=\"cebelar\" data-e-action-hash=\"#elementor-action%3Aaction%3Dlightbox%26settings%3DeyJpZCI6MTE5MTEsInVybCI6Imh0dHBzOlwvXC93d3cua3Auc2lrLnNpXC93cC1jb250ZW50XC91cGxvYWRzXC8yMDIyXC8wNFwvY2ViZWxhci5qcGciLCJzbGlkZXNob3ciOiIwY2Q4MDI3In0%3D\">\n\t\t\t\t\t<div class=\"e-gallery-image elementor-gallery-item__image\" data-thumbnail=\"https:\/\/www.kp.sik.si\/wp-content\/uploads\/2022\/04\/cebelar-189x300.jpg\" data-width=\"189\" data-height=\"300\" aria-label=\"\" role=\"img\" ><\/div>\n\t\t\t\t\t\t\t\t\t\t\t<div class=\"elementor-gallery-item__overlay\"><\/div>\n\t\t\t\t\t\t\t\t\t\t\t\t\t\t\t<div class=\"elementor-gallery-item__content\">\n\t\t\t\t\t\t\t\t\t\t\t\t\t\t<div class=\"elementor-gallery-item__description\">\n\t\t\t\t\t\t\t\t\t\t\t\t\t\t\t\t\t\tKocjan\u010di\u010d apicoltore dinnanzi al suo primo alveare a Costabona.\t\t\t\t\t\t\t\t<\/div>\n\t\t\t\t\t\t\t\t\t\t\t\t<\/div>\n\t\t\t\t\t\t\t\t\t<\/a>\n\t\t\t\t\t\t\t<a class=\"e-gallery-item elementor-gallery-item elementor-animated-content\" href=\"https:\/\/www.kp.sik.si\/wp-content\/uploads\/2022\/04\/pod-lipo.jpg\" data-elementor-open-lightbox=\"yes\" data-elementor-lightbox-slideshow=\"0cd8027\" data-elementor-lightbox-title=\"pod lipo\" data-e-action-hash=\"#elementor-action%3Aaction%3Dlightbox%26settings%3DeyJpZCI6MTE5MDgsInVybCI6Imh0dHBzOlwvXC93d3cua3Auc2lrLnNpXC93cC1jb250ZW50XC91cGxvYWRzXC8yMDIyXC8wNFwvcG9kLWxpcG8uanBnIiwic2xpZGVzaG93IjoiMGNkODAyNyJ9\">\n\t\t\t\t\t<div class=\"e-gallery-image elementor-gallery-item__image\" data-thumbnail=\"https:\/\/www.kp.sik.si\/wp-content\/uploads\/2022\/04\/pod-lipo-240x300.jpg\" data-width=\"240\" data-height=\"300\" aria-label=\"\" role=\"img\" ><\/div>\n\t\t\t\t\t\t\t\t\t\t\t<div class=\"elementor-gallery-item__overlay\"><\/div>\n\t\t\t\t\t\t\t\t\t\t\t\t\t\t\t<div class=\"elementor-gallery-item__content\">\n\t\t\t\t\t\t\t\t\t\t\t\t\t\t<div class=\"elementor-gallery-item__description\">\n\t\t\t\t\t\t\t\t\t\t\t\t\t\t\t\t\t\tKocjan\u010di\u010d under the Klanec lime tree.\t\t\t\t\t\t\t\t<\/div>\n\t\t\t\t\t\t\t\t\t\t\t\t<\/div>\n\t\t\t\t\t\t\t\t\t<\/a>\n\t\t\t\t\t\t\t<a class=\"e-gallery-item elementor-gallery-item elementor-animated-content\" href=\"https:\/\/www.kp.sik.si\/wp-content\/uploads\/2022\/04\/pred-cerkvijo.jpg\" data-elementor-open-lightbox=\"yes\" data-elementor-lightbox-slideshow=\"0cd8027\" data-elementor-lightbox-title=\"pred cerkvijo\" data-e-action-hash=\"#elementor-action%3Aaction%3Dlightbox%26settings%3DeyJpZCI6MTE5MDUsInVybCI6Imh0dHBzOlwvXC93d3cua3Auc2lrLnNpXC93cC1jb250ZW50XC91cGxvYWRzXC8yMDIyXC8wNFwvcHJlZC1jZXJrdmlqby5qcGciLCJzbGlkZXNob3ciOiIwY2Q4MDI3In0%3D\">\n\t\t\t\t\t<div class=\"e-gallery-image elementor-gallery-item__image\" data-thumbnail=\"https:\/\/www.kp.sik.si\/wp-content\/uploads\/2022\/04\/pred-cerkvijo.jpg\" data-width=\"279\" data-height=\"235\" aria-label=\"\" role=\"img\" ><\/div>\n\t\t\t\t\t\t\t\t\t\t\t<div class=\"elementor-gallery-item__overlay\"><\/div>\n\t\t\t\t\t\t\t\t\t\t\t\t\t\t\t<div class=\"elementor-gallery-item__content\">\n\t\t\t\t\t\t\t\t\t\t\t\t\t\t<div class=\"elementor-gallery-item__description\">\n\t\t\t\t\t\t\t\t\t\t\t\t\t\t\t\t\t\tKocjan\u010di\u010d in front of the Kubed church.\t\t\t\t\t\t\t\t<\/div>\n\t\t\t\t\t\t\t\t\t\t\t\t<\/div>\n\t\t\t\t\t\t\t\t\t<\/a>\n\t\t\t\t\t\t\t<a class=\"e-gallery-item elementor-gallery-item elementor-animated-content\" href=\"https:\/\/www.kp.sik.si\/wp-content\/uploads\/2022\/04\/danes.jpg\" data-elementor-open-lightbox=\"yes\" data-elementor-lightbox-slideshow=\"0cd8027\" data-elementor-lightbox-title=\"danes\" data-e-action-hash=\"#elementor-action%3Aaction%3Dlightbox%26settings%3DeyJpZCI6MTE5MDIsInVybCI6Imh0dHBzOlwvXC93d3cua3Auc2lrLnNpXC93cC1jb250ZW50XC91cGxvYWRzXC8yMDIyXC8wNFwvZGFuZXMuanBnIiwic2xpZGVzaG93IjoiMGNkODAyNyJ9\">\n\t\t\t\t\t<div class=\"e-gallery-image elementor-gallery-item__image\" data-thumbnail=\"https:\/\/www.kp.sik.si\/wp-content\/uploads\/2022\/04\/danes-300x200.jpg\" data-width=\"300\" data-height=\"200\" aria-label=\"\" role=\"img\" ><\/div>\n\t\t\t\t\t\t\t\t\t\t\t<div class=\"elementor-gallery-item__overlay\"><\/div>\n\t\t\t\t\t\t\t\t\t\t\t\t\t\t\t<div class=\"elementor-gallery-item__content\">\n\t\t\t\t\t\t\t\t\t\t\t\t\t\t<div class=\"elementor-gallery-item__description\">\n\t\t\t\t\t\t\t\t\t\t\t\t\t\t\t\t\t\tPanorama of today's Kubed.\t\t\t\t\t\t\t\t<\/div>\n\t\t\t\t\t\t\t\t\t\t\t\t<\/div>\n\t\t\t\t\t\t\t\t\t<\/a>\n\t\t\t\t\t\t\t<a class=\"e-gallery-item elementor-gallery-item elementor-animated-content\" href=\"https:\/\/www.kp.sik.si\/wp-content\/uploads\/2022\/04\/domacija.jpg\" data-elementor-open-lightbox=\"yes\" data-elementor-lightbox-slideshow=\"0cd8027\" data-elementor-lightbox-title=\"domacija\" data-e-action-hash=\"#elementor-action%3Aaction%3Dlightbox%26settings%3DeyJpZCI6MTE4OTksInVybCI6Imh0dHBzOlwvXC93d3cua3Auc2lrLnNpXC93cC1jb250ZW50XC91cGxvYWRzXC8yMDIyXC8wNFwvZG9tYWNpamEuanBnIiwic2xpZGVzaG93IjoiMGNkODAyNyJ9\">\n\t\t\t\t\t<div class=\"e-gallery-image elementor-gallery-item__image\" data-thumbnail=\"https:\/\/www.kp.sik.si\/wp-content\/uploads\/2022\/04\/domacija-200x300.jpg\" data-width=\"200\" data-height=\"300\" aria-label=\"\" role=\"img\" ><\/div>\n\t\t\t\t\t\t\t\t\t\t\t<div class=\"elementor-gallery-item__overlay\"><\/div>\n\t\t\t\t\t\t\t\t\t\t\t\t\t\t\t<div class=\"elementor-gallery-item__content\">\n\t\t\t\t\t\t\t\t\t\t\t\t\t\t<div class=\"elementor-gallery-item__description\">\n\t\t\t\t\t\t\t\t\t\t\t\t\t\t\t\t\t\tKocjan\u010di\u010d's homestead in Kubed.\t\t\t\t\t\t\t\t<\/div>\n\t\t\t\t\t\t\t\t\t\t\t\t<\/div>\n\t\t\t\t\t\t\t\t\t<\/a>\n\t\t\t\t\t\t\t<a class=\"e-gallery-item elementor-gallery-item elementor-animated-content\" href=\"https:\/\/www.kp.sik.si\/wp-content\/uploads\/2022\/04\/spominska-soba.jpg\" data-elementor-open-lightbox=\"yes\" data-elementor-lightbox-slideshow=\"0cd8027\" data-elementor-lightbox-title=\"spominska soba\" data-e-action-hash=\"#elementor-action%3Aaction%3Dlightbox%26settings%3DeyJpZCI6MTE4OTYsInVybCI6Imh0dHBzOlwvXC93d3cua3Auc2lrLnNpXC93cC1jb250ZW50XC91cGxvYWRzXC8yMDIyXC8wNFwvc3BvbWluc2thLXNvYmEuanBnIiwic2xpZGVzaG93IjoiMGNkODAyNyJ9\">\n\t\t\t\t\t<div class=\"e-gallery-image elementor-gallery-item__image\" data-thumbnail=\"https:\/\/www.kp.sik.si\/wp-content\/uploads\/2022\/04\/spominska-soba-300x200.jpg\" data-width=\"300\" data-height=\"200\" aria-label=\"\" role=\"img\" ><\/div>\n\t\t\t\t\t\t\t\t\t\t\t<div class=\"elementor-gallery-item__overlay\"><\/div>\n\t\t\t\t\t\t\t\t\t\t\t\t\t\t\t<div class=\"elementor-gallery-item__content\">\n\t\t\t\t\t\t\t\t\t\t\t\t\t\t<div class=\"elementor-gallery-item__description\">\n\t\t\t\t\t\t\t\t\t\t\t\t\t\t\t\t\t\tAlojz Kocjan\u010di\u010d memorial room in Kubed.\t\t\t\t\t\t\t\t<\/div>\n\t\t\t\t\t\t\t\t\t\t\t\t<\/div>\n\t\t\t\t\t\t\t\t\t<\/a>\n\t\t\t\t\t<\/div>\n\t\t\t\t\t<\/div>\n\t\t\t\t<\/div>\n\t\t\t\t\t<\/div>\n\t\t<\/div>\n\t\t\t\t\t<\/div>\n\t\t<\/section>\n\t\t\t\t<\/div>\n\t\t","protected":false},"excerpt":{"rendered":"<p>Kubed from the beginning of the twentieth century. Twelve-year-old Alojz Kocjan\u010di\u010d. Classroom of the Seminary in Gorica, Alojz Kocjan\u010di\u010d is sitting in the front row fourth from the left. New [&hellip;]<\/p>\n","protected":false},"author":4,"featured_media":0,"parent":12106,"menu_order":0,"comment_status":"closed","ping_status":"closed","template":"","meta":{"_acf_changed":false,"footnotes":""},"class_list":["post-12132","page","type-page","status-publish","hentry"],"acf":[],"_links":{"self":[{"href":"https:\/\/www.kp.sik.si\/en\/wp-json\/wp\/v2\/pages\/12132","targetHints":{"allow":["GET"]}}],"collection":[{"href":"https:\/\/www.kp.sik.si\/en\/wp-json\/wp\/v2\/pages"}],"about":[{"href":"https:\/\/www.kp.sik.si\/en\/wp-json\/wp\/v2\/types\/page"}],"author":[{"embeddable":true,"href":"https:\/\/www.kp.sik.si\/en\/wp-json\/wp\/v2\/users\/4"}],"replies":[{"embeddable":true,"href":"https:\/\/www.kp.sik.si\/en\/wp-json\/wp\/v2\/comments?post=12132"}],"version-history":[{"count":4,"href":"https:\/\/www.kp.sik.si\/en\/wp-json\/wp\/v2\/pages\/12132\/revisions"}],"predecessor-version":[{"id":12184,"href":"https:\/\/www.kp.sik.si\/en\/wp-json\/wp\/v2\/pages\/12132\/revisions\/12184"}],"up":[{"embeddable":true,"href":"https:\/\/www.kp.sik.si\/en\/wp-json\/wp\/v2\/pages\/12106"}],"wp:attachment":[{"href":"https:\/\/www.kp.sik.si\/en\/wp-json\/wp\/v2\/media?parent=12132"}],"curies":[{"name":"wp","href":"https:\/\/api.w.org\/{rel}","templated":true}]}}